{"id":1429,"date":"2020-07-15T23:33:21","date_gmt":"2020-07-15T21:33:21","guid":{"rendered":"http:\/\/hasira.net\/?page_id=1429"},"modified":"2020-11-18T19:33:01","modified_gmt":"2020-11-18T17:33:01","slug":"management","status":"publish","type":"page","link":"https:\/\/hasira.net\/sr\/management\/","title":{"rendered":"HASIRA VODSTVO"},"content":{"rendered":"[vc_row full_width=&#8221;stretch_row_content&#8221; full_height=&#8221;yes&#8221; parallax=&#8221;content-moving-fade&#8221; parallax_image=&#8221;1430&#8243; el_id=&#8221;about-us&#8221; dt_color=&#8221;#abdfd6&#8243; dt_color_opacity=&#8221;70&#8243; css=&#8221;.vc_custom_1594854324690{margin-top: -190px !important;}&#8221;][vc_column width=&#8221;1\/6&#8243;][\/vc_column][vc_column css_animation=&#8221;none&#8221; width=&#8221;2\/3&#8243; dt_animation=&#8221;wow fadeIn&#8221; dt_animation_delay=&#8221;1&#8243;]<div class=\"title-center\"><div class=\"dt-title-wrapper section-title-big style-3\"><h2 class=\"section-title\">VO\u0110STVO<\/h2><\/div><\/div>[vc_raw_html]JTNDcCUyMGNsYXNzJTNEJTIybW9yYS1zdWJ0aXRsZSUyMGFsaWduY2VudGVyJTIyJTIwJTNFSE9SQSUzQyUyRnAlM0U=[\/vc_raw_html][\/vc_column][vc_column width=&#8221;1\/6&#8243;][\/vc_column][\/vc_row][vc_row css_animation=&#8221;none&#8221; css=&#8221;.vc_custom_1594947280568{padding-top: 100px !important;padding-bottom: 50px !important;}&#8221;][vc_column css_animation=&#8221;none&#8221; dt_animation=&#8221;wow fadeInUpBig&#8221; dt_animation_delay=&#8221;0.3&#8243;][vc_row_inner][vc_column_inner dt_animation=&#8221;wow fadeInUp&#8221;][vc_column_text css=&#8221;.vc_custom_1595712367269{margin-bottom: -5px !important;}&#8221;]\n<h2 class=\"section-tagline\" style=\"text-align: center;\"><span style=\"color: white; background-color: rgba(0,94,184,0.5);\">PREDSEDNIK<\/span><\/h2>\n[\/vc_column_text]<div class=\"title-center\"><div class=\"dt-title-wrapper section-title-small style-3\"><h2 class=\"section-title\">MIRKO \u0160TARK<\/h2><\/div><\/div>[\/vc_column_inner][\/vc_row_inner][vc_row_inner equal_height=&#8221;yes&#8221;][vc_column_inner width=&#8221;1\/6&#8243; dt_animation=&#8221;wow fadeInUp&#8221; dt_animation_delay=&#8221;0.3&#8243;][\/vc_column_inner][vc_column_inner width=&#8221;1\/3&#8243; dt_animation=&#8221;wow fadeInUpBig&#8221; css=&#8221;.vc_custom_1594945799872{background-position: center !important;background-repeat: no-repeat !important;background-size: contain !important;}&#8221;][vc_single_image image=&#8221;1989&#8243; img_size=&#8221;full&#8221; add_caption=&#8221;yes&#8221; alignment=&#8221;center&#8221; css=&#8221;.vc_custom_1595709639615{margin-top: -25px !important;}&#8221;][\/vc_column_inner][vc_column_inner width=&#8221;1\/3&#8243; dt_animation=&#8221;wow fadeInUpBig&#8221; dt_animation_delay=&#8221;0.5&#8243;][vc_column_text]\n<p style=\"text-align: justify;\">Mirko \u0160tark je zavr\u0161io <em>Fakultet dramskih umetnosti u Beogradu<\/em>, smer <em>Produkcija za televiziju i film<\/em>. Bio je organizator proizvodnje i producent u Televiziji Novi Sad (1977\u20131993); izvr\u0161ni producent u reklamnoj kompaniji <em>Media Lab<\/em> (1994-1999); direktor produkcije u televizijskoj i video produkciji <em>urbaNS<\/em> ( 2000\u20132003). Od 2003. do 2018. godine bio je profesor <em>Produkcije za audio vizuelne medije<\/em> na Akademiji umetnosti Novi Sad. Od 2018. je u penziji. U horu <em>Ha\u0161ira<\/em> peva od 1997. godine kao bas, a od 2012. je i predsednik hora.<\/p>\n[\/vc_column_text][\/vc_column_inner][vc_column_inner width=&#8221;1\/6&#8243;][\/vc_column_inner][\/vc_row_inner][\/vc_column][\/vc_row][vc_row css_animation=&#8221;none&#8221; css=&#8221;.vc_custom_1594946285338{padding-top: 50px !important;padding-bottom: 100px !important;}&#8221;][vc_column css_animation=&#8221;none&#8221; dt_animation=&#8221;wow fadeInUpBig&#8221; dt_animation_delay=&#8221;0.3&#8243;][vc_row_inner][vc_column_inner dt_animation=&#8221;wow fadeInUp&#8221;][vc_column_text css=&#8221;.vc_custom_1595712408193{margin-bottom: -5px !important;}&#8221;]\n<h2 class=\"section-tagline\" style=\"text-align: center;\"><span style=\"color: white; background-color: rgba(0,94,184,0.5);\">SEKRETAR<\/span><\/h2>\n[\/vc_column_text]<div class=\"title-center\"><div class=\"dt-title-wrapper section-title-small style-3\"><h2 class=\"section-title\">ZVEZDANA TERZI\u0106<\/h2><\/div><\/div>[\/vc_column_inner][\/vc_row_inner][vc_row_inner equal_height=&#8221;yes&#8221; gap=&#8221;25&#8243;][vc_column_inner width=&#8221;1\/6&#8243; dt_animation=&#8221;wow fadeInUp&#8221; dt_animation_delay=&#8221;0.3&#8243;][\/vc_column_inner][vc_column_inner width=&#8221;1\/3&#8243; dt_animation=&#8221;wow fadeInUpBig&#8221; css=&#8221;.vc_custom_1594945771691{background-position: center !important;background-repeat: no-repeat !important;background-size: cover !important;}&#8221;][vc_single_image image=&#8221;1443&#8243; img_size=&#8221;full&#8221; alignment=&#8221;center&#8221; css_animation=&#8221;none&#8221; css=&#8221;.vc_custom_1594946412578{margin-top: -25px !important;}&#8221;][\/vc_column_inner][vc_column_inner width=&#8221;1\/3&#8243; dt_animation=&#8221;wow fadeInUpBig&#8221; dt_animation_delay=&#8221;0.5&#8243;][vc_column_text]\n<p style=\"text-align: justify;\">Zvezdana Terzi\u0107 je odrasla u umetni\u010dkoj porodici. Divnog altovskog glasa i rasko\u0161nog peva\u010dkog talenta, jo\u0161 od \u0161kolskih dana se bavila pevanjem u horovima, a najdu\u017ee u novosadskom horu\u00a0<em>Kulturno umetni\u010dkog dru\u0161tva Svetozar Markovi\u0107<\/em>. Od 1990.godine je u stalnom anga\u017emanu u\u00a0<em>Operi SNP-a<\/em>\u00a0kao \u010dlan hora. U hor\u00a0<em>Ha\u0161ira<\/em>\u00a0je do\u0161la 2008. godine. U ovom horu, sa kojim je osvojila brojne nagrade na takmi\u010denjima, pored pevanja od 2012. godine posve\u0107eno i sa mnogo ljubavi se bavi i sekretarskim i organizacionim poslovima.<\/p>\n[\/vc_column_text][\/vc_column_inner][vc_column_inner width=&#8221;1\/6&#8243;][\/vc_column_inner][\/vc_row_inner][vc_row_inner equal_height=&#8221;yes&#8221; gap=&#8221;25&#8243;][vc_column_inner width=&#8221;1\/6&#8243; dt_animation=&#8221;wow fadeInUp&#8221; dt_animation_delay=&#8221;0.3&#8243;][\/vc_column_inner][vc_column_inner width=&#8221;1\/3&#8243; dt_animation=&#8221;wow fadeInUpBig&#8221; css=&#8221;.vc_custom_1594945771691{background-position: center !important;background-repeat: no-repeat !important;background-size: cover !important;}&#8221;][vc_column_text]<strong><span class=\"tlid-translation translation\" lang=\"en\"><span class=\"\" title=\"\">Dosada\u0161nji sekretari hora:<\/span><\/span><\/strong><\/p>\n<p>\u25ca Ivan Hajzler<\/p>\n<p>\u25ca Svetlana Gusman<\/p>\n<p>\u25ca Maja Gusman<\/p>\n<p>\u25ca Mirela Vu\u010denov<\/p>\n<p>\u25ca Olivera Van\u0111el<\/p>\n<p>\u25ca Vera Maleti\u0107[\/vc_column_text][\/vc_column_inner][vc_column_inner width=&#8221;1\/3&#8243; dt_animation=&#8221;wow fadeInUpBig&#8221; dt_animation_delay=&#8221;0.5&#8243;][vc_single_image image=&#8221;2445&#8243; img_size=&#8221;full&#8221;][\/vc_column_inner][vc_column_inner width=&#8221;1\/6&#8243;][\/vc_column_inner][\/vc_row_inner][\/vc_column][\/vc_row][vc_row css_animation=&#8221;none&#8221; css=&#8221;.vc_custom_1594946285338{padding-top: 50px !important;padding-bottom: 100px !important;}&#8221;][vc_column css_animation=&#8221;none&#8221; dt_animation=&#8221;wow fadeInUpBig&#8221; dt_animation_delay=&#8221;0.3&#8243;][vc_row_inner][vc_column_inner dt_animation=&#8221;wow fadeInUp&#8221;][vc_column_text css=&#8221;.vc_custom_1595712464935{margin-bottom: -5px !important;}&#8221;]\n<h2 class=\"section-tagline\" style=\"text-align: center;\"><span style=\"color: white; background-color: rgba(0,94,184,0.5);\">HRONI\u010cAR<\/span><\/h2>\n[\/vc_column_text]<div class=\"title-center\"><div class=\"dt-title-wrapper section-title-small style-3\"><h2 class=\"section-title\">VERA MALETI\u0106<\/h2><\/div><\/div>[\/vc_column_inner][\/vc_row_inner][vc_row_inner equal_height=&#8221;yes&#8221; gap=&#8221;25&#8243;][vc_column_inner width=&#8221;1\/6&#8243; dt_animation=&#8221;wow fadeInUp&#8221; dt_animation_delay=&#8221;0.3&#8243;][\/vc_column_inner][vc_column_inner width=&#8221;1\/3&#8243; dt_animation=&#8221;wow fadeInUpBig&#8221; css=&#8221;.vc_custom_1594945771691{background-position: center !important;background-repeat: no-repeat !important;background-size: cover !important;}&#8221;][vc_single_image image=&#8221;1991&#8243; img_size=&#8221;full&#8221; alignment=&#8221;center&#8221; css_animation=&#8221;none&#8221; css=&#8221;.vc_custom_1595711141380{margin-top: -25px !important;}&#8221;][\/vc_column_inner][vc_column_inner width=&#8221;1\/3&#8243; dt_animation=&#8221;wow fadeInUpBig&#8221; dt_animation_delay=&#8221;0.5&#8243;][vc_column_text]\n<p style=\"text-align: justify;\">Profesor knji\u017eevnosti, zaposlena kao lektor u Radio televiziji Vojvodine &#8211; Radio Novi Sad dugogodi\u0161nji je peva\u010d i jedan od stubova hora <em>Ha\u0161ira<\/em>. Godinama, sa mnogo ljubavi ali objektivno pi\u0161e o koncertima i putovanjima hora <em>Ha\u0161ira<\/em>. Nadahnuto pi\u0161e konferanse za na\u0161e koncerte. Svojim sugestijama poma\u017ee da se razre\u0161e dileme o izgovoru tekstova pojedinih pesama. \u010cesto sugeri\u0161e nove kvalitetne kompozicije koje oboga\u0107uju na\u0161 repertoar. Radi na ure\u0111ivanju i pi\u0161e monografiju hora. Zahvaljuju\u0107i njoj, za budu\u0107e generacije, o na\u0161em horu ostaje pisani trag.<\/p>\n[\/vc_column_text][\/vc_column_inner][vc_column_inner width=&#8221;1\/6&#8243;][\/vc_column_inner][\/vc_row_inner][\/vc_column][\/vc_row][vc_row][vc_column][vc_empty_space]<div class=\"title-center\"><div class=\"dt-title-wrapper section-title-big style-1\"><h2 class=\"section-title\"><\/h2><svg class=\"zigzag\" version=\"1.1\" xmlns=\"http:\/\/www.w3.org\/2000\/svg\" xmlns:xlink=\"http:\/\/www.w3.org\/1999\/xlink\" preserveAspectRatio=\"xMidYMid meet\" viewBox=\"0 0 90 8\" width=\"90\" height=\"8\"><defs><path d=\"M90 8L82.5 0L75 8L67.5 0L60 8L52.5 0L45 8L37.5 0L30 8L22.5 0L15 8L7.5 0L0 8\" id=\"a6L8UcKib\"><\/path><\/defs><g><g><use xlink:href=\"#a6L8UcKib\" opacity=\"1\" fill-opacity=\"0\" stroke=\"#000000\" stroke-width=\"1\" stroke-opacity=\"1\"><\/use><\/g><\/g><\/svg><\/div><\/div>[vc_empty_space][\/vc_column][\/vc_row][vc_row full_width=&#8221;stretch_row&#8221; parallax=&#8221;content-moving&#8221; parallax_image=&#8221;1533&#8243; dt_text_scheme=&#8221;darker-overlay&#8221; css=&#8221;.vc_custom_1595182283397{margin-bottom: 75px !important;padding-top: 120px !important;padding-bottom: 120px !important;}&#8221; dt_color=&#8221;#000000&#8243; dt_color_opacity=&#8221;40&#8243;][vc_column width=&#8221;2\/12&#8243;][\/vc_column][vc_column width=&#8221;8\/12&#8243; dt_animation=&#8221;wow fadeInUp&#8221;]<div class=\"title-center\"><div class=\"dt-title-wrapper section-title-small style-3\"><h4 class=\"section-tagline\">VERNIGERODE 2017.<\/h4><h2 class=\"section-title\">HOR HA\u0160IRA DRUGI NA TAKMI\u010cENJU U NEMA\u010cKOJ<\/h2><\/div><\/div>[vc_empty_space 0=&#8221;&#8221;][vc_raw_html 0=&#8221;&#8221;]JTNDZGl2JTIwY2xhc3MlM0QlMjJkdC1wbGF5LXZpZGVvJTIyJTNFJTBBJTIwJTIwJTIwJTIwJTNDYSUyMGNsYXNzJTNEJTIyaWZyYW1lLXZpZGVvJTIwbWZwLWlmcmFtZSUyMiUyMGhyZWYlM0QlMjJodHRwcyUzQSUyRiUyRnd3dy55b3V0dWJlLmNvbSUyRndhdGNoJTNGdiUzRG1tbGNTcTVuLWcwJTIyJTNFJTNDaSUyMGNsYXNzJTNEJTIyZmElMjBmYS1wbGF5JTIyJTNFJTNDJTJGaSUzRSUzQyUyRmElM0UlMEElMjAlMjAlMjAlMjAlM0NhJTIwY2xhc3MlM0QlMjJpZnJhbWUtdmlkZW8lMjBtZnAtaWZyYW1lJTIyJTIwaHJlZiUzRCUyMmh0dHBzJTNBJTJGJTJGd3d3LnlvdXR1YmUuY29tJTJGd2F0Y2glM0Z2JTNEbW1sY1NxNW4tZzAlMjIlM0VQb2tyZW5pJTIwdmlkZW8lM0MlMkZhJTNFJTBBJTNDJTJGZGl2JTNFJTBB[\/vc_raw_html][\/vc_column][vc_column width=&#8221;2\/12&#8243;][\/vc_column][\/vc_row][vc_column width=&#8221;1\/12&#8243;][\/vc_column]\n","protected":false},"excerpt":{"rendered":"<p>[vc_row full_width=&#8221;stretch_row_content&#8221; full_height=&#8221;yes&#8221; parallax=&#8221;content-moving-fade&#8221; parallax_image=&#8221;1430&#8243; el_id=&#8221;about-us&#8221; dt_color=&#8221;#abdfd6&#8243; dt_color_opacity=&#8221;70&#8243; css=&#8221;.vc_custom_1594854324690{margin-top: -190px !important;}&#8221;][vc_column width=&#8221;1\/6&#8243;][\/vc_column][vc_column css_animation=&#8221;none&#8221; width=&#8221;2\/3&#8243; dt_animation=&#8221;wow fadeIn&#8221; dt_animation_delay=&#8221;1&#8243;][vc_raw_html]JTNDcCUyMGNsYXNzJTNEJTIybW9yYS1zdWJ0aXRsZSUyMGFsaWduY2VudGVyJTIyJTIwJTNFSE9SQSUzQyUyRnAlM0U=[\/vc_raw_html][\/vc_column][vc_column width=&#8221;1\/6&#8243;][\/vc_column][\/vc_row][vc_row&#8230; <a class=\"excerpt-read-more\" href=\"https:\/\/hasira.net\/sr\/management\/\"><span>Read More<\/span><\/a><\/p>\n","protected":false},"author":1,"featured_media":0,"parent":0,"menu_order":0,"comment_status":"closed","ping_status":"closed","template":"","meta":{"_acf_changed":false,"footnotes":""},"class_list":["post-1429","page","type-page","status-publish","hentry"],"acf":[],"yoast_head":"<!-- This site is optimized with the Yoast SEO plugin v26.8 - https:\/\/yoast.com\/product\/yoast-seo-wordpress\/ -->\n<title>HA\u0160IRA - Dom jevrejske horske duhovne i svetovne muzike<\/title>\n<meta name=\"description\" content=\"Re\u010d &#039;ha\u0161ira&#039; - \u05d4\u05e9\u05d9\u05e8\u05d4 - zna\u010di pesma i poezija. Hor Ha\u0161ira neguje prvenstveno jevrejsku duhovnu i svetovnu muziku, ali peva i svaku drugu dobru horsku pesmu. Mi volimo da sudelujemo na svakoj priredbi, okupljanju ili doga\u0111anju koje doprinosi ljubavi, po\u0161tovanju i dobroti me\u0111u ljudima i skladu sa prirodom u sebi i oko sebe.\" \/>\n<meta name=\"robots\" content=\"index, follow, max-snippet:-1, max-image-preview:large, max-video-preview:-1\" \/>\n<link rel=\"canonical\" href=\"https:\/\/hasira.net\/sr\/management\/\" \/>\n<meta property=\"og:locale\" content=\"sr_RS\" \/>\n<meta property=\"og:locale:alternate\" content=\"en_UK\" \/>\n<meta property=\"og:type\" content=\"article\" \/>\n<meta property=\"og:title\" content=\"HA\u0160IRA - Dom jevrejske horske duhovne i svetovne muzike\" \/>\n<meta property=\"og:description\" content=\"Re\u010d &#039;ha\u0161ira&#039; - \u05d4\u05e9\u05d9\u05e8\u05d4 - zna\u010di pesma i poezija. Hor Ha\u0161ira neguje prvenstveno jevrejsku duhovnu i svetovnu muziku, ali peva i svaku drugu dobru horsku pesmu. Mi volimo da sudelujemo na svakoj priredbi, okupljanju ili doga\u0111anju koje doprinosi ljubavi, po\u0161tovanju i dobroti me\u0111u ljudima i skladu sa prirodom u sebi i oko sebe.\" \/>\n<meta property=\"og:url\" content=\"https:\/\/hasira.net\/sr\/management\/\" \/>\n<meta property=\"og:site_name\" content=\"HA&Scaron;IRA\" \/>\n<meta property=\"article:modified_time\" content=\"2020-11-18T17:33:01+00:00\" \/>\n<meta property=\"og:image\" content=\"https:\/\/hasira.net\/wp-content\/uploads\/2020\/07\/Hasira_20-godina-Hasire_02_Sanktus.jpg\" \/>\n\t<meta property=\"og:image:width\" content=\"1920\" \/>\n\t<meta property=\"og:image:height\" content=\"1280\" \/>\n\t<meta property=\"og:image:type\" content=\"image\/jpeg\" \/>\n<meta name=\"twitter:card\" content=\"summary_large_image\" \/>\n<meta name=\"twitter:label1\" content=\"\u041f\u0440\u043e\u0446\u0435\u045a\u0435\u043d\u043e \u0432\u0440\u0435\u043c\u0435 \u0447\u0438\u0442\u0430\u045a\u0430\" \/>\n\t<meta name=\"twitter:data1\" content=\"11 \u043c\u0438\u043d\u0443\u0442\u0430\" \/>\n<script type=\"application\/ld+json\" class=\"yoast-schema-graph\">{\"@context\":\"https:\/\/schema.org\",\"@graph\":[{\"@type\":\"WebPage\",\"@id\":\"https:\/\/hasira.net\/sr\/management\/\",\"url\":\"https:\/\/hasira.net\/sr\/management\/\",\"name\":\"HA\u0160IRA - Dom jevrejske horske duhovne i svetovne muzike\",\"isPartOf\":{\"@id\":\"https:\/\/hasira.net\/#website\"},\"datePublished\":\"2020-07-15T21:33:21+00:00\",\"dateModified\":\"2020-11-18T17:33:01+00:00\",\"description\":\"Re\u010d 'ha\u0161ira' - \u05d4\u05e9\u05d9\u05e8\u05d4 - zna\u010di pesma i poezija. Hor Ha\u0161ira neguje prvenstveno jevrejsku duhovnu i svetovnu muziku, ali peva i svaku drugu dobru horsku pesmu. Mi volimo da sudelujemo na svakoj priredbi, okupljanju ili doga\u0111anju koje doprinosi ljubavi, po\u0161tovanju i dobroti me\u0111u ljudima i skladu sa prirodom u sebi i oko sebe.\",\"breadcrumb\":{\"@id\":\"https:\/\/hasira.net\/sr\/management\/#breadcrumb\"},\"inLanguage\":\"sr-RS\",\"potentialAction\":[{\"@type\":\"ReadAction\",\"target\":[\"https:\/\/hasira.net\/sr\/management\/\"]}]},{\"@type\":\"BreadcrumbList\",\"@id\":\"https:\/\/hasira.net\/sr\/management\/#breadcrumb\",\"itemListElement\":[{\"@type\":\"ListItem\",\"position\":1,\"name\":\"Home\",\"item\":\"https:\/\/hasira.net\/\"},{\"@type\":\"ListItem\",\"position\":2,\"name\":\"HASIRA VODSTVO\"}]},{\"@type\":\"WebSite\",\"@id\":\"https:\/\/hasira.net\/#website\",\"url\":\"https:\/\/hasira.net\/\",\"name\":\"HA&Scaron;IRA\",\"description\":\"Novi Sad&rsquo;s Jewish Community Choir\",\"publisher\":{\"@id\":\"https:\/\/hasira.net\/#organization\"},\"potentialAction\":[{\"@type\":\"SearchAction\",\"target\":{\"@type\":\"EntryPoint\",\"urlTemplate\":\"https:\/\/hasira.net\/?s={search_term_string}\"},\"query-input\":{\"@type\":\"PropertyValueSpecification\",\"valueRequired\":true,\"valueName\":\"search_term_string\"}}],\"inLanguage\":\"sr-RS\"},{\"@type\":\"Organization\",\"@id\":\"https:\/\/hasira.net\/#organization\",\"name\":\"HASHIRA, Novi Sad\u2019s Jewish Community Choir\",\"url\":\"https:\/\/hasira.net\/\",\"logo\":{\"@type\":\"ImageObject\",\"inLanguage\":\"sr-RS\",\"@id\":\"https:\/\/hasira.net\/#\/schema\/logo\/image\/\",\"url\":\"https:\/\/hasira.net\/wp-content\/uploads\/2020\/07\/HASHIRA-LOGO-A.png\",\"contentUrl\":\"https:\/\/hasira.net\/wp-content\/uploads\/2020\/07\/HASHIRA-LOGO-A.png\",\"width\":332,\"height\":59,\"caption\":\"HASHIRA, Novi Sad\u2019s Jewish Community Choir\"},\"image\":{\"@id\":\"https:\/\/hasira.net\/#\/schema\/logo\/image\/\"}}]}<\/script>\n<!-- \/ Yoast SEO plugin. -->","yoast_head_json":{"title":"HA\u0160IRA - Dom jevrejske horske duhovne i svetovne muzike","description":"Re\u010d 'ha\u0161ira' - \u05d4\u05e9\u05d9\u05e8\u05d4 - zna\u010di pesma i poezija. Hor Ha\u0161ira neguje prvenstveno jevrejsku duhovnu i svetovnu muziku, ali peva i svaku drugu dobru horsku pesmu. Mi volimo da sudelujemo na svakoj priredbi, okupljanju ili doga\u0111anju koje doprinosi ljubavi, po\u0161tovanju i dobroti me\u0111u ljudima i skladu sa prirodom u sebi i oko sebe.","robots":{"index":"index","follow":"follow","max-snippet":"max-snippet:-1","max-image-preview":"max-image-preview:large","max-video-preview":"max-video-preview:-1"},"canonical":"https:\/\/hasira.net\/sr\/management\/","og_locale":"sr_RS","og_type":"article","og_title":"HA\u0160IRA - Dom jevrejske horske duhovne i svetovne muzike","og_description":"Re\u010d 'ha\u0161ira' - \u05d4\u05e9\u05d9\u05e8\u05d4 - zna\u010di pesma i poezija. Hor Ha\u0161ira neguje prvenstveno jevrejsku duhovnu i svetovnu muziku, ali peva i svaku drugu dobru horsku pesmu. Mi volimo da sudelujemo na svakoj priredbi, okupljanju ili doga\u0111anju koje doprinosi ljubavi, po\u0161tovanju i dobroti me\u0111u ljudima i skladu sa prirodom u sebi i oko sebe.","og_url":"https:\/\/hasira.net\/sr\/management\/","og_site_name":"HA&Scaron;IRA","article_modified_time":"2020-11-18T17:33:01+00:00","og_image":[{"width":1920,"height":1280,"url":"https:\/\/hasira.net\/wp-content\/uploads\/2020\/07\/Hasira_20-godina-Hasire_02_Sanktus.jpg","type":"image\/jpeg"}],"twitter_card":"summary_large_image","twitter_misc":{"\u041f\u0440\u043e\u0446\u0435\u045a\u0435\u043d\u043e \u0432\u0440\u0435\u043c\u0435 \u0447\u0438\u0442\u0430\u045a\u0430":"11 \u043c\u0438\u043d\u0443\u0442\u0430"},"schema":{"@context":"https:\/\/schema.org","@graph":[{"@type":"WebPage","@id":"https:\/\/hasira.net\/sr\/management\/","url":"https:\/\/hasira.net\/sr\/management\/","name":"HA\u0160IRA - Dom jevrejske horske duhovne i svetovne muzike","isPartOf":{"@id":"https:\/\/hasira.net\/#website"},"datePublished":"2020-07-15T21:33:21+00:00","dateModified":"2020-11-18T17:33:01+00:00","description":"Re\u010d 'ha\u0161ira' - \u05d4\u05e9\u05d9\u05e8\u05d4 - zna\u010di pesma i poezija. Hor Ha\u0161ira neguje prvenstveno jevrejsku duhovnu i svetovnu muziku, ali peva i svaku drugu dobru horsku pesmu. Mi volimo da sudelujemo na svakoj priredbi, okupljanju ili doga\u0111anju koje doprinosi ljubavi, po\u0161tovanju i dobroti me\u0111u ljudima i skladu sa prirodom u sebi i oko sebe.","breadcrumb":{"@id":"https:\/\/hasira.net\/sr\/management\/#breadcrumb"},"inLanguage":"sr-RS","potentialAction":[{"@type":"ReadAction","target":["https:\/\/hasira.net\/sr\/management\/"]}]},{"@type":"BreadcrumbList","@id":"https:\/\/hasira.net\/sr\/management\/#breadcrumb","itemListElement":[{"@type":"ListItem","position":1,"name":"Home","item":"https:\/\/hasira.net\/"},{"@type":"ListItem","position":2,"name":"HASIRA VODSTVO"}]},{"@type":"WebSite","@id":"https:\/\/hasira.net\/#website","url":"https:\/\/hasira.net\/","name":"HA&Scaron;IRA","description":"Novi Sad&rsquo;s Jewish Community Choir","publisher":{"@id":"https:\/\/hasira.net\/#organization"},"potentialAction":[{"@type":"SearchAction","target":{"@type":"EntryPoint","urlTemplate":"https:\/\/hasira.net\/?s={search_term_string}"},"query-input":{"@type":"PropertyValueSpecification","valueRequired":true,"valueName":"search_term_string"}}],"inLanguage":"sr-RS"},{"@type":"Organization","@id":"https:\/\/hasira.net\/#organization","name":"HASHIRA, Novi Sad\u2019s Jewish Community Choir","url":"https:\/\/hasira.net\/","logo":{"@type":"ImageObject","inLanguage":"sr-RS","@id":"https:\/\/hasira.net\/#\/schema\/logo\/image\/","url":"https:\/\/hasira.net\/wp-content\/uploads\/2020\/07\/HASHIRA-LOGO-A.png","contentUrl":"https:\/\/hasira.net\/wp-content\/uploads\/2020\/07\/HASHIRA-LOGO-A.png","width":332,"height":59,"caption":"HASHIRA, Novi Sad\u2019s Jewish Community Choir"},"image":{"@id":"https:\/\/hasira.net\/#\/schema\/logo\/image\/"}}]}},"_links":{"self":[{"href":"https:\/\/hasira.net\/sr\/wp-json\/wp\/v2\/pages\/1429","targetHints":{"allow":["GET"]}}],"collection":[{"href":"https:\/\/hasira.net\/sr\/wp-json\/wp\/v2\/pages"}],"about":[{"href":"https:\/\/hasira.net\/sr\/wp-json\/wp\/v2\/types\/page"}],"author":[{"embeddable":true,"href":"https:\/\/hasira.net\/sr\/wp-json\/wp\/v2\/users\/1"}],"replies":[{"embeddable":true,"href":"https:\/\/hasira.net\/sr\/wp-json\/wp\/v2\/comments?post=1429"}],"version-history":[{"count":10,"href":"https:\/\/hasira.net\/sr\/wp-json\/wp\/v2\/pages\/1429\/revisions"}],"predecessor-version":[{"id":2657,"href":"https:\/\/hasira.net\/sr\/wp-json\/wp\/v2\/pages\/1429\/revisions\/2657"}],"wp:attachment":[{"href":"https:\/\/hasira.net\/sr\/wp-json\/wp\/v2\/media?parent=1429"}],"curies":[{"name":"wp","href":"https:\/\/api.w.org\/{rel}","templated":true}]}}